{"id":1237,"date":"2026-08-09T13:22:41","date_gmt":"2026-08-09T13:22:41","guid":{"rendered":"https:\/\/quotebedlington.com\/?page_id=1237"},"modified":"2026-08-10T10:12:44","modified_gmt":"2026-08-10T10:12:44","slug":"privacy-policy","status":"publish","type":"page","link":"https:\/\/quotebedlington.com\/hu\/privacy-policy\/","title":{"rendered":"Adatkezel\u00e9si T\u00e1j\u00e9koztat\u00f3"},"content":{"rendered":"<div data-elementor-type=\"wp-page\" data-elementor-id=\"1237\" class=\"elementor elementor-1237\" data-elementor-post-type=\"page\">\n\t\t\t\t<div class=\"elementor-element elementor-element-6d78de6d e-con e-atomic-element e-flexbox-base e-6d78de6d-0dce8ae\" data-id=\"6d78de6d\" data-element_type=\"e-flexbox\" data-e-type=\"e-flexbox\" data-interaction-id=\"6d78de6d\">\n    <div class=\"elementor-element elementor-element-47b63d97 e-con e-atomic-element e-flexbox-base e-47b63d97-971f97d\" data-id=\"47b63d97\" data-element_type=\"e-flexbox\" data-e-type=\"e-flexbox\" data-interaction-id=\"47b63d97\">\n    \n<\/div>\n\n<\/div>\n<div class=\"elementor-element elementor-element-2c5e5be4 e-flex e-con-boxed e-con e-parent\" data-id=\"2c5e5be4\" data-element_type=\"container\" data-e-type=\"container\">\n\t\t\t\t\t<div class=\"e-con-inner\">\n\t\t\t\t<div class=\"elementor-element elementor-element-a529342 elementor-widget elementor-widget-text-editor\" data-id=\"a529342\" data-element_type=\"widget\" data-e-type=\"widget\" data-widget_type=\"text-editor.default\">\n\t\t\t\t\t\t\t\t\t<p><strong>Bevezet\u00e9s<\/strong><\/p>\n<p>A jelen adatkezel\u00e9si t\u00e1j\u00e9koztat\u00f3 (a tov\u00e1bbiakban: Adatkezel\u00e9si T\u00e1j\u00e9koztat\u00f3) az Eur\u00f3pai Uni\u00f3 2016\/679 sz\u00e1m\u00fa \u00c1ltal\u00e1nos Adatv\u00e9delmi Rendelet (a tov\u00e1bbiakban: GDPR) \u00e9s a 2011. \u00e9vi CXII. tv. (a tov\u00e1bbiakban: Infotv.) rendelkez\u00e9seinek megfelel\u0151en tartalmazza a quotebedlington.com weboldalon, valamint a hozz\u00e1 tartoz\u00f3 aldomaineken kereszt\u00fcl Szilfai Barbara (a tov\u00e1bbiakban Adatkezel\u0151) mint a Quote Bedlington Terrier Kennel FCI \u00fczemeltet\u0151je \u00e1ltal ny\u00fajtott szolg\u00e1ltat\u00e1sok (\u00fagy mint: kapcsolattart\u00e1s, a tov\u00e1bbiakban egy\u00fcttesen \u00e9s k\u00fcl\u00f6n-k\u00fcl\u00f6n is: Szolg\u00e1ltat\u00e1s) sor\u00e1n kezelt szem\u00e9lyes adatokat \u00e9rint\u0151 adatkezel\u00e9si gyakorlat\u00e1t. Az Adatkezel\u00e9si T\u00e1j\u00e9koztat\u00f3ban foglaltak ir\u00e1nyad\u00f3ak az Adatkezel\u0151 \u00e9s Felhaszn\u00e1l\u00f3, mint az adatkezel\u00e9ssel \u00e9rintett szem\u00e9ly Szolg\u00e1ltat\u00e1st \u00e9rint\u0151 kapcsolatfelv\u00e9tele sor\u00e1n kezelt adatok tekintet\u00e9ben is.<\/p>\n<p><em>Adatkezel\u0151<\/em>:<br>Szilfai Barbara<br>ad\u00f3sz\u00e1ma:&nbsp;58718153-1-28<span style=\"font-size: 1rem;\">;<\/span><\/p><p>elektronikus levelez\u00e9si c\u00edme: info@quotebedlington.com<\/p>\n<p><strong>Milyen adatokat kezel\u00fcnk?<\/strong><\/p>\n<p>Az Adatkezel\u0151 a Szolg\u00e1ltat\u00e1s ny\u00fajt\u00e1sa sor\u00e1n \u00e9s \u00e9rdek\u00e9ben a Felhaszn\u00e1l\u00f3k \u00e1ltal megadott szem\u00e9lyes adatokat kezeli, illetve a Szolg\u00e1ltat\u00e1s haszn\u00e1lata sor\u00e1n is keletkezhetnek adatok, amelyeket kezel a Felhaszn\u00e1l\u00f3ra vonatkoz\u00f3an.<\/p>\n<p><strong>T\u00e1rhely-szolg\u00e1ltat\u00f3<\/strong><\/p>\n<p>Adatfeldolgoz\u00f3 \u00e1ltal ell\u00e1tott tev\u00e9kenys\u00e9g: t\u00e1rhelyszolg\u00e1ltat\u00e1s<br>Adatfeldolgoz\u00f3 megnevez\u00e9se \u00e9s el\u00e9rhet\u0151s\u00e9ge: Sybell Informatika Kft. HU 1158 Budapest, K\u00e9sm\u00e1rk utca 7\/b.<br>Az adatkezel\u00e9s t\u00e9nye, a kezelt adatok k\u00f6re: Az \u00e9rintett \u00e1ltal megadott valamennyi szem\u00e9lyes adat.<br>Az \u00e9rintettek k\u00f6re: A weboldalt haszn\u00e1l\u00f3 valamennyi \u00e9rintett.<br>Az adatkezel\u00e9s c\u00e9lja: A weboldal el\u00e9rhet\u0151v\u00e9 t\u00e9tele, megfelel\u0151 m\u0171k\u00f6dtet\u00e9se.<br>Az adatkezel\u00e9s id\u0151tartama, az adatok t\u00f6rl\u00e9s\u00e9nek hat\u00e1rideje: Az Adatkezel\u0151 \u00e9s a t\u00e1rhelyszolg\u00e1ltat\u00f3 k\u00f6z\u00f6tti meg\u00e1llapod\u00e1s megsz\u0171n\u00e9s\u00e9ig, vagy az \u00e9rintettnek a t\u00e1rhelyszolg\u00e1ltat\u00f3 fel\u00e9 int\u00e9zett t\u00f6rl\u00e9si k\u00e9relm\u00e9ig tart az adatkezel\u00e9s.<br>Az adatfeldolgoz\u00e1s jogalapja: a Felhaszn\u00e1l\u00f3 hozz\u00e1j\u00e1rul\u00e1sa, az Infotv. 5. \u00a7 (1) bekezd\u00e9se, 6. cikk (1) bekezd\u00e9s a) pontja, illetve az elektronikus kereskedelemi szolg\u00e1ltat\u00e1sok, valamint az inform\u00e1ci\u00f3s t\u00e1rsadalommal \u00f6sszef\u00fcgg\u0151 szolg\u00e1ltat\u00e1sok egyes k\u00e9rd\u00e9seir\u0151l sz\u00f3l\u00f3 2001. \u00e9vi CVIII. t\u00f6rv\u00e9ny 13\/A. \u00a7 (3) bekezd\u00e9se.<\/p>\n<p><strong>Az adatok megoszt\u00e1sa:<\/strong><\/p>\n<p>Az Adatkezel\u0151 kiz\u00e1r\u00f3lag a felhaszn\u00e1l\u00f3 hozz\u00e1j\u00e1rul\u00e1s\u00e1val osztja meg az adatokat harmadik szem\u00e9llyel \u00e9s kiz\u00e1r\u00f3lag a Szolg\u00e1ltat\u00e1sok ny\u00fajt\u00e1sa keret\u00e9ben vagy a Felhaszn\u00e1l\u00f3 t\u00e1mogat\u00e1sa \u00e9rdek\u00e9ben.<\/p>\n<p><strong>Az adatok meg\u0151rz\u00e9se \u00e9s t\u00f6rl\u00e9se<\/strong><\/p>\n<p>Sz\u00e1ml\u00e1z\u00e1s: az esetleges sz\u00e1ml\u00e1z\u00e1shoz sz\u00fcks\u00e9ges adatokat jogszab\u00e1lyi k\u00f6telez\u00e9s folyt\u00e1n a sz\u00e1m\u00edtott nyolc \u00e9vig \u0151rizz\u00fck meg.<br>A szem\u00e9lyes adatok t\u00f6rl\u00e9sre ker\u00fclnek, ha az adatkezel\u00e9snek nincs c\u00e9lja, vagy az adatkezel\u00e9s jogalapja megsz\u0171nik, \u00edgy, ha az \u00e9rintett az \u00e9rintett visszavonja az adatkezel\u00e9s alapj\u00e1t k\u00e9pez\u0151 hozz\u00e1j\u00e1rul\u00e1s\u00e1t, \u00e9s az adatkezel\u00e9snek m\u00e1s jogalapja nincsen.<\/p>\n<p><strong>Az \u00e9rintettet megillet\u0151 jogosults\u00e1gok<\/strong><\/p>\n<p>Az \u00e9rintett jogosult arra, hogy:<\/p>\n<p>az adatkezel\u00e9ssel \u00f6sszef\u00fcgg\u0151 t\u00e9nyekr\u0151l az adatkezel\u00e9s megkezd\u00e9s\u00e9t megel\u0151z\u0151en t\u00e1j\u00e9koztat\u00e1st kapjon (a tov\u00e1bbiakban: el\u0151zetes t\u00e1j\u00e9koz\u00f3d\u00e1shoz val\u00f3 jog),<br>k\u00e9relm\u00e9re szem\u00e9lyes adatait \u00e9s az azok kezel\u00e9s\u00e9vel \u00f6sszef\u00fcgg\u0151 inform\u00e1ci\u00f3kat az adatkezel\u0151 a rendelkez\u00e9s\u00e9re bocs\u00e1ssa (a tov\u00e1bbiakban: hozz\u00e1f\u00e9r\u00e9shez val\u00f3 jog),<br>k\u00e9relm\u00e9re, valamint az e fejezetben meghat\u00e1rozott tov\u00e1bbi esetekben szem\u00e9lyes adatait az adatkezel\u0151 helyesb\u00edtse, illetve kieg\u00e9sz\u00edtse (a tov\u00e1bbiakban: helyesb\u00edt\u00e9shez val\u00f3 jog),<br>k\u00e9relm\u00e9re, valamint az e fejezetben meghat\u00e1rozott tov\u00e1bbi esetekben szem\u00e9lyes adatai kezel\u00e9s\u00e9t az adatkezel\u0151 korl\u00e1tozza (a tov\u00e1bbiakban: az adatkezel\u00e9s korl\u00e1toz\u00e1s\u00e1hoz val\u00f3 jog),<br>k\u00e9relm\u00e9re, valamint az e fejezetben meghat\u00e1rozott tov\u00e1bbi esetekben szem\u00e9lyes adatait az adatkezel\u0151 t\u00f6r\u00f6lje (a tov\u00e1bbiakban: t\u00f6rl\u00e9shez val\u00f3 jog).<\/p>\n<p><strong>Az adatkezel\u00e9ssel kapcsolatos jog\u00e9rv\u00e9nyes\u00edt\u00e9si lehet\u0151s\u00e9gek<\/strong><\/p>\n<p>Amennyiben az \u00e9rintett jogellenes adatkezel\u00e9st tapasztal, panasszal fordulhat az Adatkezel\u0151h\u00f6z, akinek \u00edgy lehet\u0151s\u00e9ge ny\u00edlik az adatkezel\u00e9s t\u00f6rv\u00e9nyess\u00e9g\u00e9t helyre\u00e1ll\u00edtani. A panaszt az \u00e9rintett megteheti elektronikus lev\u00e9lben.<br>A Felhaszn\u00e1l\u00f3 a fel\u00fcgyeleti hat\u00f3s\u00e1ghoz beny\u00fajtott bejelent\u00e9ssel (panasszal) vizsg\u00e1latot kezdem\u00e9nyezhet arra hivatkoz\u00e1ssal, hogy szem\u00e9lyes adatai kezel\u00e9s\u00e9vel kapcsolatban jogs\u00e9relem \u00e9rte, vagy annak k\u00f6zvetlen vesz\u00e9lye fenn\u00e1ll.<\/p>\n<p><strong>A fel\u00fcgyeleti hat\u00f3s\u00e1g neve \u00e9s el\u00e9rhet\u0151s\u00e9gei<\/strong><\/p>\n<p>Nemzeti Adatv\u00e9delmi \u00e9s Inform\u00e1ci\u00f3szabads\u00e1g Hat\u00f3s\u00e1g<br>sz\u00e9khelye: 1055 Budapest, Falk Miksa utca 9-11.<br>postac\u00edme: 1363 Budapest, Pf. 9.<br>email c\u00edme: ugyfelszolgalat@naih.hu<br>telefonsz\u00e1ma: +36 (1) 391-1400<br>fax: +36 (1) 391-1410<br>honlap: www.naih.hu<\/p>\t\t\t\t\t\t\t\t<\/div>\n\t\t\t\t\t<\/div>\n\t\t\t\t<\/div>\n\t\t\t\t<\/div>","protected":false},"excerpt":{"rendered":"<p>Bevezet\u00e9s A jelen adatkezel\u00e9si t\u00e1j\u00e9koztat\u00f3 (a tov\u00e1bbiakban: Adatkezel\u00e9si T\u00e1j\u00e9koztat\u00f3) az Eur\u00f3pai Uni\u00f3 2016\/679 sz\u00e1m\u00fa \u00c1ltal\u00e1nos Adatv\u00e9delmi Rendelet (a tov\u00e1bbiakban: GDPR) \u00e9s a 2011. \u00e9vi CXII. tv. (a tov\u00e1bbiakban: Infotv.) rendelkez\u00e9seinek megfelel\u0151en tartalmazza a quotebedlington.com weboldalon, valamint a hozz\u00e1 tartoz\u00f3 aldomaineken kereszt\u00fcl Szilfai Barbara (a tov\u00e1bbiakban Adatkezel\u0151) mint a Quote Bedlington Terrier Kennel FCI \u00fczemeltet\u0151je \u00e1ltal [&hellip;]<\/p>\n","protected":false},"author":1,"featured_media":0,"parent":0,"menu_order":0,"comment_status":"closed","ping_status":"closed","template":"","meta":{"footnotes":""},"class_list":["post-1237","page","type-page","status-publish","hentry"],"_links":{"self":[{"href":"https:\/\/quotebedlington.com\/hu\/wp-json\/wp\/v2\/pages\/1237","targetHints":{"allow":["GET"]}}],"collection":[{"href":"https:\/\/quotebedlington.com\/hu\/wp-json\/wp\/v2\/pages"}],"about":[{"href":"https:\/\/quotebedlington.com\/hu\/wp-json\/wp\/v2\/types\/page"}],"author":[{"embeddable":true,"href":"https:\/\/quotebedlington.com\/hu\/wp-json\/wp\/v2\/users\/1"}],"replies":[{"embeddable":true,"href":"https:\/\/quotebedlington.com\/hu\/wp-json\/wp\/v2\/comments?post=1237"}],"version-history":[{"count":0,"href":"https:\/\/quotebedlington.com\/hu\/wp-json\/wp\/v2\/pages\/1237\/revisions"}],"wp:attachment":[{"href":"https:\/\/quotebedlington.com\/hu\/wp-json\/wp\/v2\/media?parent=1237"}],"curies":[{"name":"wp","href":"https:\/\/api.w.org\/{rel}","templated":true}]}}